{"id":22,"date":"2014-04-08T17:53:59","date_gmt":"2014-04-08T17:53:59","guid":{"rendered":"http:\/\/14aug.dk\/?page_id=22"},"modified":"2020-11-14T14:33:57","modified_gmt":"2020-11-14T14:33:57","slug":"bestyrelse","status":"publish","type":"page","link":"https:\/\/www.14aug.dk\/?page_id=22","title":{"rendered":"Bestyrelse"},"content":{"rendered":"<p>Bestyrelsen er foreningens daglige ledelse og v\u00e6lges af pr\u00e6sidiet. Formanden v\u00e6lges blandt bestyrelsens medlemmer.<\/p>\n<p>Bestyrelsen best\u00e5r af f\u00f8lgende:<\/p>\n<table style=\"width: 588px; height: 714px;\">\n<tbody>\n<tr>\n<td style=\"text-align: left;\"><a href=\"http:\/\/www.14aug.dk\/wp-content\/uploads\/2014\/04\/Mana-Torne-1.jpg\" rel=\"attachment wp-att-1411\"><img loading=\"lazy\" decoding=\"async\" class=\"alignleft wp-image-1411\" src=\"http:\/\/www.14aug.dk\/wp-content\/uploads\/2014\/04\/Mana-Torne-1-240x300.jpg\" alt=\"Mana Torne 1\" width=\"100\" height=\"125\" srcset=\"https:\/\/www.14aug.dk\/wp-content\/uploads\/2014\/04\/Mana-Torne-1-240x300.jpg 240w, https:\/\/www.14aug.dk\/wp-content\/uploads\/2014\/04\/Mana-Torne-1.jpg 342w\" sizes=\"(max-width: 100px) 100vw, 100px\" \/><\/a>Fhv.Kunstudstillingsdirekt\u00f8r, kunsth\u00e5ndv\u00e6rker Mana Torne ( Formand)<\/td>\n<td><\/td>\n<\/tr>\n<tr>\n<td style=\"text-align: left;\">&nbsp;<img loading=\"lazy\" decoding=\"async\" class=\"alignleft wp-image-1667\" src=\"http:\/\/www.14aug.dk\/wp-content\/uploads\/2014\/04\/IMG_6971-255x300.jpg\" alt=\"IMG_6971\" width=\"100\" height=\"118\" srcset=\"https:\/\/www.14aug.dk\/wp-content\/uploads\/2014\/04\/IMG_6971-255x300.jpg 255w, https:\/\/www.14aug.dk\/wp-content\/uploads\/2014\/04\/IMG_6971-768x904.jpg 768w, https:\/\/www.14aug.dk\/wp-content\/uploads\/2014\/04\/IMG_6971-870x1024.jpg 870w, https:\/\/www.14aug.dk\/wp-content\/uploads\/2014\/04\/IMG_6971.jpg 1396w\" sizes=\"(max-width: 100px) 100vw, 100px\" \/>&nbsp;Cand.polit.,&nbsp;mag.art.&nbsp;i&nbsp;kunsthistorie&nbsp;&nbsp;Lis&nbsp;Lauritsen<\/td>\n<td><\/td>\n<\/tr>\n<tr>\n<td style=\"text-align: left;\">&nbsp;<img loading=\"lazy\" decoding=\"async\" class=\"alignleft wp-image-1672\" src=\"http:\/\/www.14aug.dk\/wp-content\/uploads\/2014\/04\/Flemming-Kragh-Hansen-2-249x300.jpg\" alt=\"Flemming Kragh Hansen 2\" width=\"99\" height=\"119\" srcset=\"https:\/\/www.14aug.dk\/wp-content\/uploads\/2014\/04\/Flemming-Kragh-Hansen-2-249x300.jpg 249w, https:\/\/www.14aug.dk\/wp-content\/uploads\/2014\/04\/Flemming-Kragh-Hansen-2.jpg 428w\" sizes=\"(max-width: 99px) 100vw, 99px\" \/>Fhv. advokat Flemming Kragh Hansen<\/td>\n<td><\/td>\n<\/tr>\n<tr>\n<td style=\"text-align: left;\">&nbsp;V\u00e6ver Anet Brusgaard<a href=\"http:\/\/14aug.dk\/wp-content\/uploads\/2014\/04\/Anet-Brusgaard1.jpg\"><img loading=\"lazy\" decoding=\"async\" class=\"alignleft wp-image-370\" src=\"http:\/\/14aug.dk\/wp-content\/uploads\/2014\/04\/Anet-Brusgaard1.jpg\" alt=\"Anet Brusgaard\" width=\"100\" height=\"105\"><\/a><\/td>\n<td><\/td>\n<\/tr>\n<tr>\n<td style=\"text-align: left;\">&nbsp;Keramiker Turi Heisselberg Pedersen<a href=\"http:\/\/14aug.dk\/wp-content\/uploads\/2014\/04\/Turi-Heisselberg1.png\"><img loading=\"lazy\" decoding=\"async\" class=\"alignleft wp-image-371\" src=\"http:\/\/14aug.dk\/wp-content\/uploads\/2014\/04\/Turi-Heisselberg1.png\" alt=\"Turi Heisselberg\" width=\"100\" height=\"101\"><\/a><\/td>\n<td><\/td>\n<\/tr>\n<\/tbody>\n<\/table>\n<p>Sekretariatsleder Ole Larsen<\/p>\n<p><img loading=\"lazy\" decoding=\"async\" class=\"alignleft  wp-image-1743\" src=\"http:\/\/www.14aug.dk\/wp-content\/uploads\/2019\/08\/Portrait-Ole-Rorvig-4.8.2019-Copy-4-150x150.jpg\" alt=\"\" width=\"104\" height=\"104\" srcset=\"https:\/\/www.14aug.dk\/wp-content\/uploads\/2019\/08\/Portrait-Ole-Rorvig-4.8.2019-Copy-4-150x150.jpg 150w, https:\/\/www.14aug.dk\/wp-content\/uploads\/2019\/08\/Portrait-Ole-Rorvig-4.8.2019-Copy-4-300x300.jpg 300w, https:\/\/www.14aug.dk\/wp-content\/uploads\/2019\/08\/Portrait-Ole-Rorvig-4.8.2019-Copy-4.jpg 510w\" sizes=\"(max-width: 104px) 100vw, 104px\" \/><\/p>\n","protected":false},"excerpt":{"rendered":"<p>Bestyrelsen er foreningens daglige ledelse og v\u00e6lges af pr\u00e6sidiet. Formanden v\u00e6lges blandt bestyrelsens medlemmer. Bestyrelsen best\u00e5r af f\u00f8lgende: Fhv.Kunstudstillingsdirekt\u00f8r, kunsth\u00e5ndv\u00e6rker Mana Torne ( Formand) &nbsp;&nbsp;Cand.polit.,&nbsp;mag.art.&nbsp;i&nbsp;kunsthistorie&nbsp;&nbsp;Lis&nbsp;Lauritsen &nbsp;Fhv. advokat Flemming Kragh Hansen &nbsp;V\u00e6ver Anet Brusgaard &nbsp;Keramiker Turi Heisselberg Pedersen Sekretariatsleder Ole Larsen<\/p>\n","protected":false},"author":1,"featured_media":1501,"parent":18,"menu_order":0,"comment_status":"closed","ping_status":"closed","template":"","meta":{"footnotes":""},"_links":{"self":[{"href":"https:\/\/www.14aug.dk\/index.php?rest_route=\/wp\/v2\/pages\/22"}],"collection":[{"href":"https:\/\/www.14aug.dk\/index.php?rest_route=\/wp\/v2\/pages"}],"about":[{"href":"https:\/\/www.14aug.dk\/index.php?rest_route=\/wp\/v2\/types\/page"}],"author":[{"embeddable":true,"href":"https:\/\/www.14aug.dk\/index.php?rest_route=\/wp\/v2\/users\/1"}],"replies":[{"embeddable":true,"href":"https:\/\/www.14aug.dk\/index.php?rest_route=%2Fwp%2Fv2%2Fcomments&post=22"}],"version-history":[{"count":32,"href":"https:\/\/www.14aug.dk\/index.php?rest_route=\/wp\/v2\/pages\/22\/revisions"}],"predecessor-version":[{"id":1855,"href":"https:\/\/www.14aug.dk\/index.php?rest_route=\/wp\/v2\/pages\/22\/revisions\/1855"}],"up":[{"embeddable":true,"href":"https:\/\/www.14aug.dk\/index.php?rest_route=\/wp\/v2\/pages\/18"}],"wp:featuredmedia":[{"embeddable":true,"href":"https:\/\/www.14aug.dk\/index.php?rest_route=\/wp\/v2\/media\/1501"}],"wp:attachment":[{"href":"https:\/\/www.14aug.dk\/index.php?rest_route=%2Fwp%2Fv2%2Fmedia&parent=22"}],"curies":[{"name":"wp","href":"https:\/\/api.w.org\/{rel}","templated":true}]}}